{"id":75729,"date":"2022-04-07T11:42:15","date_gmt":"2022-04-07T09:42:15","guid":{"rendered":"https:\/\/pule.se\/?post_type=product&#038;p=75729"},"modified":"2024-10-09T21:44:58","modified_gmt":"2024-10-09T19:44:58","slug":"svea-konferensstol","status":"publish","type":"product","link":"https:\/\/shop.bjerring-sales.dk\/da\/vare\/svea-konferensstol\/","title":{"rendered":"Svea \u2013 En behagelig konferencestol"},"content":{"rendered":"<div class=\"wpb-content-wrapper\"><div class=\"vc_row wpb_row vc_row-fluid\"><div class=\"wpb_column vc_column_container vc_col-sm-12\"><div class=\"vc_column-inner\"><div class=\"wpb_wrapper\">\n\t<div class=\"wpb_text_column wpb_content_element\" >\n\t\t<div class=\"wpb_wrapper\">\n\t\t\t<p><span style=\"font-size: 24pt\">Svea \u2013 En stabelbar konferencestol med formet rygl\u00e6n<br \/>\n<\/span>Svea er en komfortabel stabelbar konference stol med formet rygl\u00e6n. P\u00e5 Svea stolen sidder du komfortabelt og behagligt,  selvom du skal sidde i l\u00e6ngere tid ad gangen.<\/p>\n\n\t\t<\/div>\n\t<\/div>\n<\/div><\/div><\/div><\/div><div class=\"vc_row wpb_row vc_row-fluid\"><div class=\"wpb_column vc_column_container vc_col-sm-6\"><div class=\"vc_column-inner\"><div class=\"wpb_wrapper\">\n\t<div  class=\"wpb_single_image wpb_content_element vc_align_center\">\n\t\t\n\t\t<figure class=\"wpb_wrapper vc_figure\">\n\t\t\t<div class=\"vc_single_image-wrapper vc_box_shadow_border  vc_box_border_grey\"><img loading=\"lazy\" decoding=\"async\" width=\"800\" height=\"550\" src=\"https:\/\/shop.bjerring-sales.dk\/wp-content\/uploads\/2022\/04\/Svea_stol_event.webp\" class=\"vc_single_image-img attachment-full\" alt=\"\" title=\"Svea_stolearrangement\" srcset=\"https:\/\/shop.bjerring-sales.dk\/wp-content\/uploads\/2022\/04\/Svea_stol_event.webp 800w, https:\/\/shop.bjerring-sales.dk\/wp-content\/uploads\/2022\/04\/Svea_stol_event-150x103.webp 150w, https:\/\/shop.bjerring-sales.dk\/wp-content\/uploads\/2022\/04\/Svea_stol_event-600x413.webp 600w, https:\/\/shop.bjerring-sales.dk\/wp-content\/uploads\/2022\/04\/Svea_stol_event-300x206.webp 300w, https:\/\/shop.bjerring-sales.dk\/wp-content\/uploads\/2022\/04\/Svea_stol_event-768x528.webp 768w\" sizes=\"auto, (max-width: 800px) 100vw, 800px\" \/><\/div>\n\t\t<\/figure>\n\t<\/div>\n<\/div><\/div><\/div><div class=\"wpb_column vc_column_container vc_col-sm-6\"><div class=\"vc_column-inner\"><div class=\"wpb_wrapper\">\n\t<div  class=\"wpb_single_image wpb_content_element vc_align_center\">\n\t\t\n\t\t<figure class=\"wpb_wrapper vc_figure\">\n\t\t\t<div class=\"vc_single_image-wrapper vc_box_shadow_border  vc_box_border_grey\"><img loading=\"lazy\" decoding=\"async\" width=\"800\" height=\"550\" src=\"https:\/\/shop.bjerring-sales.dk\/wp-content\/uploads\/2022\/04\/Svea_stol_dukning1.webp\" class=\"vc_single_image-img attachment-full\" alt=\"\" title=\"Svea_stol_dug1\" srcset=\"https:\/\/shop.bjerring-sales.dk\/wp-content\/uploads\/2022\/04\/Svea_stol_dukning1.webp 800w, https:\/\/shop.bjerring-sales.dk\/wp-content\/uploads\/2022\/04\/Svea_stol_dukning1-150x103.webp 150w, https:\/\/shop.bjerring-sales.dk\/wp-content\/uploads\/2022\/04\/Svea_stol_dukning1-600x413.webp 600w, https:\/\/shop.bjerring-sales.dk\/wp-content\/uploads\/2022\/04\/Svea_stol_dukning1-300x206.webp 300w, https:\/\/shop.bjerring-sales.dk\/wp-content\/uploads\/2022\/04\/Svea_stol_dukning1-768x528.webp 768w\" sizes=\"auto, (max-width: 800px) 100vw, 800px\" \/><\/div>\n\t\t<\/figure>\n\t<\/div>\n<\/div><\/div><\/div><\/div><div class=\"vc_row wpb_row vc_row-fluid\"><div class=\"wpb_column vc_column_container vc_col-sm-6\"><div class=\"vc_column-inner\"><div class=\"wpb_wrapper\">\n\t<div class=\"wpb_text_column wpb_content_element\" >\n\t\t<div class=\"wpb_wrapper\">\n\t\t\t<p><span style=\"font-size: 18pt\">Anvendelsesomr\u00e5de<br \/>\n<\/span>Da Svea er en stabelbar stol, er den velegnet til blandt andet undervisning, konferencer, events og messer, hvor kravet til komfort og fleksibilitet er h\u00f8jt. Koblingsbeslag f\u00e5s i serien, som nemt sp\u00e6ndes fast p\u00e5 stolen for at kunne forbindes med flere stole.<\/p>\n<p><span style=\"font-size: 18pt\">Farver<br \/>\n<\/span>S\u00e6de og ryg er betrukket med sort stof. Stellet er pulverlakeret i sort eller s\u00f8lvgr\u00e5.<\/p>\n<p><span style=\"font-size: 18pt\">Specifikationer<\/span><\/p>\n<ul>\n<li>Kan stables, stables op (antal stole afh\u00e6nger af, hvor mange der stables)<\/li>\n<li>Formst\u00f8bt s\u00e6de<\/li>\n<li>S\u00e6de og ryg er betrukket med kvalitetsstof<\/li>\n<li>Stellet er et pulverlakeret st\u00e5lstel<\/li>\n<li>Firkantr\u00f8r 20*20 mm<\/li>\n<li>Stolebetr\u00e6k er muligt<\/li>\n<li>Rec. max. belastning: 180 kg<\/li>\n<\/ul>\n<p><span style=\"font-size: 18pt\">M\u00e5l<\/span><\/p>\n<ul>\n<li>H\u00f8jde: 915 mm<\/li>\n<li>Bredde: 435 mm<\/li>\n<li>Dybde: 565 mm<\/li>\n<li>S\u00e6deh\u00f8jde: 460 mm<\/li>\n<li>S\u00e6debredde: 390 mm<\/li>\n<li>S\u00e6dedybde: 400 mm<\/li>\n<\/ul>\n\n\t\t<\/div>\n\t<\/div>\n<\/div><\/div><\/div><div class=\"wpb_column vc_column_container vc_col-sm-6\"><div class=\"vc_column-inner\"><div class=\"wpb_wrapper\">\n\t<div class=\"wpb_text_column wpb_content_element\" >\n\t\t<div class=\"wpb_wrapper\">\n\t\t\t<p><span style=\"font-size: 18pt\">V\u00e6gt<\/span><\/p>\n<ul>\n<li>6 kg<\/li>\n<\/ul>\n<p><span style=\"font-size: 18pt\">MOQ<\/span><\/p>\n<ul>\n<li>1 stk ved bestilling af en farve, der er en del af vores standardsortiment<\/li>\n<li>80 stk af samme farve ved bestilling af en farve, der ikke er en del af vores standardsortiment.<\/li>\n<\/ul>\n<p><span style=\"font-size: 18pt\">Garanti<br \/>\n<\/span>2 \u00e5rs garanti<\/p>\n\n\t\t<\/div>\n\t<\/div>\n<\/div><\/div><\/div><\/div>\n<\/div>","protected":false},"excerpt":{"rendered":"<p>Svea er en stabelbar stol og er velegnet til blandt andet undervisning, konferencer, events og messer, hvor komfort og fleksibilitet er n\u00f8dvendig. Koblingsbeslag f\u00e5s i serien, som nemt kobles fast p\u00e5 stolen for at kunne forbindes med flere stole.<\/p>","protected":false},"featured_media":98932,"template":"","meta":{"iawp_total_views":8},"product_brand":[],"product_cat":[5791,5825,5848],"product_tag":[5849,5850,6043,6164,6275,6276],"class_list":{"0":"post-75729","1":"product","2":"type-product","3":"status-publish","4":"has-post-thumbnail","6":"product_cat-stolar","7":"product_cat-stapelbara-stolar","8":"product_cat-kladda-stolar","9":"product_tag-konferensstol","10":"product_tag-stapelbar-stol","11":"product_tag-tygkladd-stol","12":"product_tag-event-stol","13":"product_tag-stol-med-format-ryggstod","14":"product_tag-utbildningsstol","16":"first","17":"instock","18":"taxable","19":"shipping-taxable","20":"product-type-variable"},"yoast_head":"<!-- This site is optimized with the Yoast SEO plugin v27.0 - https:\/\/yoast.com\/product\/yoast-seo-wordpress\/ -->\n<title>Svea - En komfortabel konferensstol - Bjerring-Sales<\/title>\n<meta name=\"description\" content=\"Svea \u00e4r en stapelbar stol och passar bra till bland annat utbildning, konferens, event och m\u00e4ssa d\u00e4r krav p\u00e5 bekv\u00e4mlighet och smidighet \u00e4r h\u00f6g.\" \/>\n<meta name=\"robots\" content=\"index, follow, max-snippet:-1, max-image-preview:large, max-video-preview:-1\" \/>\n<link rel=\"canonical\" href=\"https:\/\/shop.bjerring-sales.dk\/da\/vare\/svea-konferensstol\/\" \/>\n<meta property=\"og:locale\" content=\"da_DK\" \/>\n<meta property=\"og:type\" content=\"article\" \/>\n<meta property=\"og:title\" content=\"Svea \u2013 En stapelbar konferensstol med format ryggst\u00f6d\" \/>\n<meta property=\"og:description\" content=\"Svea \u00e4r en stapelbar stol och passar bra till bland annat utbildning, konferens, event och m\u00e4ssa d\u00e4r krav p\u00e5 bekv\u00e4mlighet och smidighet \u00e4r h\u00f6g.\" \/>\n<meta property=\"og:url\" content=\"https:\/\/shop.bjerring-sales.dk\/da\/vare\/svea-konferensstol\/\" \/>\n<meta property=\"og:site_name\" content=\"Bjerring-Sales\" \/>\n<meta property=\"article:modified_time\" content=\"2024-10-09T19:44:58+00:00\" \/>\n<meta property=\"og:image\" content=\"https:\/\/shop.bjerring-sales.dk\/wp-content\/uploads\/2022\/04\/sveasoc.jpg\" \/>\n\t<meta property=\"og:image:width\" content=\"800\" \/>\n\t<meta property=\"og:image:height\" content=\"550\" \/>\n\t<meta property=\"og:image:type\" content=\"image\/jpeg\" \/>\n<meta name=\"twitter:card\" content=\"summary_large_image\" \/>\n<meta name=\"twitter:title\" content=\"Svea \u2013 En stapelbar konferensstol med format ryggst\u00f6d\" \/>\n<meta name=\"twitter:description\" content=\"Svea \u00e4r en stapelbar stol och passar bra till bland annat utbildning, konferens, event och m\u00e4ssa d\u00e4r krav p\u00e5 bekv\u00e4mlighet och smidighet \u00e4r h\u00f6g.\" \/>\n<meta name=\"twitter:image\" content=\"https:\/\/shop.bjerring-sales.dk\/wp-content\/uploads\/2022\/04\/sveasoc.jpg\" \/>\n<meta name=\"twitter:label1\" content=\"Estimeret l\u00e6setid\" \/>\n\t<meta name=\"twitter:data1\" content=\"2 minutter\" \/>\n<script type=\"application\/ld+json\" class=\"yoast-schema-graph\">{\"@context\":\"https:\/\/schema.org\",\"@graph\":[{\"@type\":\"WebPage\",\"@id\":\"https:\/\/shop.bjerring-sales.dk\/sv\/produkt\/svea-konferensstol\/\",\"url\":\"https:\/\/shop.bjerring-sales.dk\/sv\/produkt\/svea-konferensstol\/\",\"name\":\"Svea - En komfortabel konferensstol - Bjerring-Sales\",\"isPartOf\":{\"@id\":\"https:\/\/shop.bjerring-sales.dk\/#website\"},\"primaryImageOfPage\":{\"@id\":\"https:\/\/shop.bjerring-sales.dk\/sv\/produkt\/svea-konferensstol\/#primaryimage\"},\"image\":{\"@id\":\"https:\/\/shop.bjerring-sales.dk\/sv\/produkt\/svea-konferensstol\/#primaryimage\"},\"thumbnailUrl\":\"https:\/\/shop.bjerring-sales.dk\/wp-content\/uploads\/2024\/10\/Svea-silvergra-svart.jpg\",\"datePublished\":\"2022-04-07T09:42:15+00:00\",\"dateModified\":\"2024-10-09T19:44:58+00:00\",\"description\":\"Svea \u00e4r en stapelbar stol och passar bra till bland annat utbildning, konferens, event och m\u00e4ssa d\u00e4r krav p\u00e5 bekv\u00e4mlighet och smidighet \u00e4r h\u00f6g.\",\"breadcrumb\":{\"@id\":\"https:\/\/shop.bjerring-sales.dk\/sv\/produkt\/svea-konferensstol\/#breadcrumb\"},\"inLanguage\":\"da-DK\",\"potentialAction\":[{\"@type\":\"ReadAction\",\"target\":[\"https:\/\/shop.bjerring-sales.dk\/sv\/produkt\/svea-konferensstol\/\"]}]},{\"@type\":\"ImageObject\",\"inLanguage\":\"da-DK\",\"@id\":\"https:\/\/shop.bjerring-sales.dk\/sv\/produkt\/svea-konferensstol\/#primaryimage\",\"url\":\"https:\/\/shop.bjerring-sales.dk\/wp-content\/uploads\/2024\/10\/Svea-silvergra-svart.jpg\",\"contentUrl\":\"https:\/\/shop.bjerring-sales.dk\/wp-content\/uploads\/2024\/10\/Svea-silvergra-svart.jpg\",\"width\":800,\"height\":800},{\"@type\":\"BreadcrumbList\",\"@id\":\"https:\/\/shop.bjerring-sales.dk\/sv\/produkt\/svea-konferensstol\/#breadcrumb\",\"itemListElement\":[{\"@type\":\"ListItem\",\"position\":1,\"name\":\"Hem\",\"item\":\"https:\/\/shop.bjerring-sales.dk\/\"},{\"@type\":\"ListItem\",\"position\":2,\"name\":\"Webbutik\",\"item\":\"https:\/\/shop.bjerring-sales.dk\/butik\/\"},{\"@type\":\"ListItem\",\"position\":3,\"name\":\"Svea &#8211; En komfortabel konferensstol\"}]},{\"@type\":\"WebSite\",\"@id\":\"https:\/\/shop.bjerring-sales.dk\/#website\",\"url\":\"https:\/\/shop.bjerring-sales.dk\/\",\"name\":\"Bjerring-Sales\",\"description\":\"M\u00f6bler f\u00f6r teatrar, skolor, kontor och k\u00f6pcentrum\",\"publisher\":{\"@id\":\"https:\/\/shop.bjerring-sales.dk\/#organization\"},\"potentialAction\":[{\"@type\":\"SearchAction\",\"target\":{\"@type\":\"EntryPoint\",\"urlTemplate\":\"https:\/\/shop.bjerring-sales.dk\/?s={search_term_string}\"},\"query-input\":{\"@type\":\"PropertyValueSpecification\",\"valueRequired\":true,\"valueName\":\"search_term_string\"}}],\"inLanguage\":\"da-DK\"},{\"@type\":\"Organization\",\"@id\":\"https:\/\/shop.bjerring-sales.dk\/#organization\",\"name\":\"Bjerring-Sales\",\"url\":\"https:\/\/shop.bjerring-sales.dk\/\",\"logo\":{\"@type\":\"ImageObject\",\"inLanguage\":\"da-DK\",\"@id\":\"https:\/\/shop.bjerring-sales.dk\/#\/schema\/logo\/image\/\",\"url\":\"https:\/\/shop.bjerring-sales.dk\/wp-content\/uploads\/2023\/01\/logo_sv.png\",\"contentUrl\":\"https:\/\/shop.bjerring-sales.dk\/wp-content\/uploads\/2023\/01\/logo_sv.png\",\"width\":195,\"height\":68,\"caption\":\"Bjerring-Sales\"},\"image\":{\"@id\":\"https:\/\/shop.bjerring-sales.dk\/#\/schema\/logo\/image\/\"}}]}<\/script>\n<!-- \/ Yoast SEO plugin. -->","yoast_head_json":{"title":"Svea - En komfortabel konferensstol - Bjerring-Sales","description":"Svea \u00e4r en stapelbar stol och passar bra till bland annat utbildning, konferens, event och m\u00e4ssa d\u00e4r krav p\u00e5 bekv\u00e4mlighet och smidighet \u00e4r h\u00f6g.","robots":{"index":"index","follow":"follow","max-snippet":"max-snippet:-1","max-image-preview":"max-image-preview:large","max-video-preview":"max-video-preview:-1"},"canonical":"https:\/\/shop.bjerring-sales.dk\/da\/vare\/svea-konferensstol\/","og_locale":"da_DK","og_type":"article","og_title":"Svea \u2013 En stapelbar konferensstol med format ryggst\u00f6d","og_description":"Svea \u00e4r en stapelbar stol och passar bra till bland annat utbildning, konferens, event och m\u00e4ssa d\u00e4r krav p\u00e5 bekv\u00e4mlighet och smidighet \u00e4r h\u00f6g.","og_url":"https:\/\/shop.bjerring-sales.dk\/da\/vare\/svea-konferensstol\/","og_site_name":"Bjerring-Sales","article_modified_time":"2024-10-09T19:44:58+00:00","og_image":[{"width":800,"height":550,"url":"https:\/\/shop.bjerring-sales.dk\/wp-content\/uploads\/2022\/04\/sveasoc.jpg","type":"image\/jpeg"}],"twitter_card":"summary_large_image","twitter_title":"Svea \u2013 En stapelbar konferensstol med format ryggst\u00f6d","twitter_description":"Svea \u00e4r en stapelbar stol och passar bra till bland annat utbildning, konferens, event och m\u00e4ssa d\u00e4r krav p\u00e5 bekv\u00e4mlighet och smidighet \u00e4r h\u00f6g.","twitter_image":"https:\/\/shop.bjerring-sales.dk\/wp-content\/uploads\/2022\/04\/sveasoc.jpg","twitter_misc":{"Estimeret l\u00e6setid":"2 minutter"},"schema":{"@context":"https:\/\/schema.org","@graph":[{"@type":"WebPage","@id":"https:\/\/shop.bjerring-sales.dk\/sv\/produkt\/svea-konferensstol\/","url":"https:\/\/shop.bjerring-sales.dk\/sv\/produkt\/svea-konferensstol\/","name":"Svea - En komfortabel konferensstol - Bjerring-Sales","isPartOf":{"@id":"https:\/\/shop.bjerring-sales.dk\/#website"},"primaryImageOfPage":{"@id":"https:\/\/shop.bjerring-sales.dk\/sv\/produkt\/svea-konferensstol\/#primaryimage"},"image":{"@id":"https:\/\/shop.bjerring-sales.dk\/sv\/produkt\/svea-konferensstol\/#primaryimage"},"thumbnailUrl":"https:\/\/shop.bjerring-sales.dk\/wp-content\/uploads\/2024\/10\/Svea-silvergra-svart.jpg","datePublished":"2022-04-07T09:42:15+00:00","dateModified":"2024-10-09T19:44:58+00:00","description":"Svea \u00e4r en stapelbar stol och passar bra till bland annat utbildning, konferens, event och m\u00e4ssa d\u00e4r krav p\u00e5 bekv\u00e4mlighet och smidighet \u00e4r h\u00f6g.","breadcrumb":{"@id":"https:\/\/shop.bjerring-sales.dk\/sv\/produkt\/svea-konferensstol\/#breadcrumb"},"inLanguage":"da-DK","potentialAction":[{"@type":"ReadAction","target":["https:\/\/shop.bjerring-sales.dk\/sv\/produkt\/svea-konferensstol\/"]}]},{"@type":"ImageObject","inLanguage":"da-DK","@id":"https:\/\/shop.bjerring-sales.dk\/sv\/produkt\/svea-konferensstol\/#primaryimage","url":"https:\/\/shop.bjerring-sales.dk\/wp-content\/uploads\/2024\/10\/Svea-silvergra-svart.jpg","contentUrl":"https:\/\/shop.bjerring-sales.dk\/wp-content\/uploads\/2024\/10\/Svea-silvergra-svart.jpg","width":800,"height":800},{"@type":"BreadcrumbList","@id":"https:\/\/shop.bjerring-sales.dk\/sv\/produkt\/svea-konferensstol\/#breadcrumb","itemListElement":[{"@type":"ListItem","position":1,"name":"Hem","item":"https:\/\/shop.bjerring-sales.dk\/"},{"@type":"ListItem","position":2,"name":"Webbutik","item":"https:\/\/shop.bjerring-sales.dk\/butik\/"},{"@type":"ListItem","position":3,"name":"Svea &#8211; En komfortabel konferensstol"}]},{"@type":"WebSite","@id":"https:\/\/shop.bjerring-sales.dk\/#website","url":"https:\/\/shop.bjerring-sales.dk\/","name":"Bjerring-Salg","description":"M\u00f8bler til teatre, skoler, kontorer og indk\u00f8bscentre","publisher":{"@id":"https:\/\/shop.bjerring-sales.dk\/#organization"},"potentialAction":[{"@type":"SearchAction","target":{"@type":"EntryPoint","urlTemplate":"https:\/\/shop.bjerring-sales.dk\/?s={search_term_string}"},"query-input":{"@type":"PropertyValueSpecification","valueRequired":true,"valueName":"search_term_string"}}],"inLanguage":"da-DK"},{"@type":"Organization","@id":"https:\/\/shop.bjerring-sales.dk\/#organization","name":"Bjerring-Salg","url":"https:\/\/shop.bjerring-sales.dk\/","logo":{"@type":"ImageObject","inLanguage":"da-DK","@id":"https:\/\/shop.bjerring-sales.dk\/#\/schema\/logo\/image\/","url":"https:\/\/shop.bjerring-sales.dk\/wp-content\/uploads\/2023\/01\/logo_sv.png","contentUrl":"https:\/\/shop.bjerring-sales.dk\/wp-content\/uploads\/2023\/01\/logo_sv.png","width":195,"height":68,"caption":"Bjerring-Sales"},"image":{"@id":"https:\/\/shop.bjerring-sales.dk\/#\/schema\/logo\/image\/"}}]}},"_links":{"self":[{"href":"https:\/\/shop.bjerring-sales.dk\/da\/wp-json\/wp\/v2\/product\/75729","targetHints":{"allow":["GET"]}}],"collection":[{"href":"https:\/\/shop.bjerring-sales.dk\/da\/wp-json\/wp\/v2\/product"}],"about":[{"href":"https:\/\/shop.bjerring-sales.dk\/da\/wp-json\/wp\/v2\/types\/product"}],"wp:featuredmedia":[{"embeddable":true,"href":"https:\/\/shop.bjerring-sales.dk\/da\/wp-json\/wp\/v2\/media\/98932"}],"wp:attachment":[{"href":"https:\/\/shop.bjerring-sales.dk\/da\/wp-json\/wp\/v2\/media?parent=75729"}],"wp:term":[{"taxonomy":"product_brand","embeddable":true,"href":"https:\/\/shop.bjerring-sales.dk\/da\/wp-json\/wp\/v2\/product_brand?post=75729"},{"taxonomy":"product_cat","embeddable":true,"href":"https:\/\/shop.bjerring-sales.dk\/da\/wp-json\/wp\/v2\/product_cat?post=75729"},{"taxonomy":"product_tag","embeddable":true,"href":"https:\/\/shop.bjerring-sales.dk\/da\/wp-json\/wp\/v2\/product_tag?post=75729"}],"curies":[{"name":"wp","href":"https:\/\/api.w.org\/{rel}","templated":true}]}}