{"id":62823,"date":"2018-02-04T02:04:20","date_gmt":"2018-02-04T01:04:20","guid":{"rendered":"https:\/\/pule.se\/produkt\/half\/"},"modified":"2026-03-13T12:25:40","modified_gmt":"2026-03-13T11:25:40","slug":"half","status":"publish","type":"product","link":"https:\/\/shop.bjerring-sales.dk\/da\/vare\/half\/","title":{"rendered":"Half \u2013 Foldebord"},"content":{"rendered":"<div class=\"wpb-content-wrapper\"><div class=\"vc_row wpb_row vc_row-fluid\"><div class=\"wpb_column vc_column_container vc_col-sm-12\"><div class=\"vc_column-inner\"><div class=\"wpb_wrapper\">\n\t<div class=\"wpb_text_column wpb_content_element\" >\n\t\t<div class=\"wpb_wrapper\">\n\t\t\t<p><span style=\"font-size: 24pt;\">Sammenklappelig, foldbar og h\u00f8j hygiejnefaktor<\/span><br \/>\nHalf er et foldebord, der ogs\u00e5 er foldbart, til praktisk opbevaring og transport. Bordene er nemme at samle, skille ad, transportere og opbevare. Half bordet har ogs\u00e5 en h\u00f8j hygiejnefaktor, da de er meget nemme at reng\u00f8re.<\/p>\n<p>Half bordene er modstandsdygtige over for b\u00e5de fugt og UV-str\u00e5ler. Velegnet til b\u00e5de indend\u00f8rs og udend\u00f8rs brug. Bordene er lagerf\u00f8rt i 2 forskellige st\u00f8rrelser og passer perfekt som ekstra borde i campingvognen eller derhjemme.<\/p>\n\n\t\t<\/div>\n\t<\/div>\n<\/div><\/div><\/div><\/div><div class=\"vc_row wpb_row vc_row-fluid\"><div class=\"wpb_column vc_column_container vc_col-sm-12\"><div class=\"vc_column-inner\"><div class=\"wpb_wrapper\"><div class=\"vc_separator wpb_content_element vc_separator_align_center vc_sep_width_100 vc_sep_pos_align_center vc_separator_no_text vc_sep_color_grey\" ><span class=\"vc_sep_holder vc_sep_holder_l\"><span class=\"vc_sep_line\"><\/span><\/span><span class=\"vc_sep_holder vc_sep_holder_r\"><span class=\"vc_sep_line\"><\/span><\/span>\n<\/div><\/div><\/div><\/div><\/div><div class=\"vc_row wpb_row vc_row-fluid\"><div class=\"wpb_column vc_column_container vc_col-sm-6\"><div class=\"vc_column-inner\"><div class=\"wpb_wrapper\">\n\t<div class=\"wpb_text_column wpb_content_element\" >\n\t\t<div class=\"wpb_wrapper\">\n\t\t\t<p><span style=\"font-size: 18pt;\">Farve<br \/>\n<\/span>Bordet har hvide st\u00e5lben og en hvidlig bordplade.<\/p>\n<p><span style=\"font-size: 18pt;\">Dimensioner L\/B\/H<br \/>\n<\/span>Halv 150 \u2013 1553x762x734 mm<\/p>\n<p><span style=\"font-size: 18pt;\">Dimensioner af emballage<br \/>\n<\/span>Halv 150 \u2013 1553x54x749 mm<\/p>\n\n\t\t<\/div>\n\t<\/div>\n<\/div><\/div><\/div><div class=\"wpb_column vc_column_container vc_col-sm-6\"><div class=\"vc_column-inner\"><div class=\"wpb_wrapper\">\n\t<div class=\"wpb_text_column wpb_content_element\" >\n\t\t<div class=\"wpb_wrapper\">\n\t\t\t<p><span style=\"font-size: 18pt;\">V\u00e6gt<br \/>\n<\/span>Halvdelen 150 \u2013 9,8 kg<br \/>\nAnbefalet maksimal belastning: 230 kg<\/p>\n<p><span style=\"font-size: 18pt;\">\u00d8vrigt<br \/>\n<\/span>Bordet er b\u00e5de foldbart og sammenklappeligt. Den har indbygget UV- og fugtbeskyttelse, som g\u00f8r bordet velegnet til b\u00e5de indend\u00f8rs og udend\u00f8rs brug.<\/p>\n\n\t\t<\/div>\n\t<\/div>\n<\/div><\/div><\/div><\/div>\n<\/div>","protected":false},"excerpt":{"rendered":"<p>Half er et foldebord, der ogs\u00e5 er foldbart, til praktisk opbevaring og transport. Bordene er nemme at samle, skille ad, transportere og opbevare. Half bordet har ogs\u00e5 en h\u00f8j hygiejnefaktor, da de er meget nemme at reng\u00f8re.<\/p>","protected":false},"featured_media":100013,"template":"","meta":{"iawp_total_views":5},"product_brand":[],"product_cat":[5787,5863,6343,6304,6351],"product_tag":[6085,6179,6180,6181],"class_list":{"0":"post-62823","1":"product","2":"type-product","3":"status-publish","4":"has-post-thumbnail","6":"product_cat-bord","7":"product_cat-fallbara-bord","8":"product_cat-bord-utomhus","9":"product_cat-utemobler","10":"product_cat-newstorm","11":"product_tag-fallbart-bord","12":"product_tag-vikbart-bord","13":"product_tag-half-bordet","14":"product_tag-newstorm","16":"first","17":"instock","18":"taxable","19":"shipping-taxable","20":"purchasable","21":"product-type-variable"},"yoast_head":"<!-- This site is optimized with the Yoast SEO plugin v27.0 - https:\/\/yoast.com\/product\/yoast-seo-wordpress\/ -->\n<title>Half - F\u00e4llbart bord - Bjerring-Sales<\/title>\n<meta name=\"description\" content=\"Half \u00e4r ett f\u00e4llbart bord som dessutom \u00e4r vikbart, f\u00f6r praktisk lagring och transport. Borden \u00e4r l\u00e4tta att montera, demontera, transportera och f\u00f6rvara.\" \/>\n<meta name=\"robots\" content=\"index, follow, max-snippet:-1, max-image-preview:large, max-video-preview:-1\" \/>\n<link rel=\"canonical\" href=\"https:\/\/shop.bjerring-sales.dk\/da\/product\/half\/\" \/>\n<meta property=\"og:locale\" content=\"da_DK\" \/>\n<meta property=\"og:type\" content=\"article\" \/>\n<meta property=\"og:title\" content=\"Half - F\u00e4llbart bord - Bjerring-Sales\" \/>\n<meta property=\"og:description\" content=\"Half \u00e4r ett f\u00e4llbart bord som dessutom \u00e4r vikbart, f\u00f6r praktisk lagring och transport. Borden \u00e4r l\u00e4tta att montera, demontera, transportera och f\u00f6rvara.\" \/>\n<meta property=\"og:url\" content=\"https:\/\/shop.bjerring-sales.dk\/da\/product\/half\/\" \/>\n<meta property=\"og:site_name\" content=\"Bjerring-Sales\" \/>\n<meta property=\"article:modified_time\" content=\"2026-03-13T11:25:40+00:00\" \/>\n<meta property=\"og:image\" content=\"https:\/\/shop.bjerring-sales.dk\/wp-content\/uploads\/2024\/10\/webb-half3.jpg\" \/>\n\t<meta property=\"og:image:width\" content=\"800\" \/>\n\t<meta property=\"og:image:height\" content=\"800\" \/>\n\t<meta property=\"og:image:type\" content=\"image\/jpeg\" \/>\n<meta name=\"twitter:card\" content=\"summary_large_image\" \/>\n<meta name=\"twitter:label1\" content=\"Estimeret l\u00e6setid\" \/>\n\t<meta name=\"twitter:data1\" content=\"1 minut\" \/>\n<script type=\"application\/ld+json\" class=\"yoast-schema-graph\">{\"@context\":\"https:\/\/schema.org\",\"@graph\":[{\"@type\":\"WebPage\",\"@id\":\"https:\/\/shop.bjerring-sales.dk\/product\/half\/\",\"url\":\"https:\/\/shop.bjerring-sales.dk\/product\/half\/\",\"name\":\"Half - F\u00e4llbart bord - Bjerring-Sales\",\"isPartOf\":{\"@id\":\"https:\/\/shop.bjerring-sales.dk\/#website\"},\"primaryImageOfPage\":{\"@id\":\"https:\/\/shop.bjerring-sales.dk\/product\/half\/#primaryimage\"},\"image\":{\"@id\":\"https:\/\/shop.bjerring-sales.dk\/product\/half\/#primaryimage\"},\"thumbnailUrl\":\"https:\/\/shop.bjerring-sales.dk\/wp-content\/uploads\/2024\/10\/webb-half3.jpg\",\"datePublished\":\"2018-02-04T01:04:20+00:00\",\"dateModified\":\"2026-03-13T11:25:40+00:00\",\"description\":\"Half \u00e4r ett f\u00e4llbart bord som dessutom \u00e4r vikbart, f\u00f6r praktisk lagring och transport. Borden \u00e4r l\u00e4tta att montera, demontera, transportera och f\u00f6rvara.\",\"breadcrumb\":{\"@id\":\"https:\/\/shop.bjerring-sales.dk\/product\/half\/#breadcrumb\"},\"inLanguage\":\"da-DK\",\"potentialAction\":[{\"@type\":\"ReadAction\",\"target\":[\"https:\/\/shop.bjerring-sales.dk\/product\/half\/\"]}]},{\"@type\":\"ImageObject\",\"inLanguage\":\"da-DK\",\"@id\":\"https:\/\/shop.bjerring-sales.dk\/product\/half\/#primaryimage\",\"url\":\"https:\/\/shop.bjerring-sales.dk\/wp-content\/uploads\/2024\/10\/webb-half3.jpg\",\"contentUrl\":\"https:\/\/shop.bjerring-sales.dk\/wp-content\/uploads\/2024\/10\/webb-half3.jpg\",\"width\":800,\"height\":800},{\"@type\":\"BreadcrumbList\",\"@id\":\"https:\/\/shop.bjerring-sales.dk\/product\/half\/#breadcrumb\",\"itemListElement\":[{\"@type\":\"ListItem\",\"position\":1,\"name\":\"Hem\",\"item\":\"https:\/\/shop.bjerring-sales.dk\/\"},{\"@type\":\"ListItem\",\"position\":2,\"name\":\"Webbutik\",\"item\":\"https:\/\/shop.bjerring-sales.dk\/butik\/\"},{\"@type\":\"ListItem\",\"position\":3,\"name\":\"Half &#8211; F\u00e4llbart bord\"}]},{\"@type\":\"WebSite\",\"@id\":\"https:\/\/shop.bjerring-sales.dk\/#website\",\"url\":\"https:\/\/shop.bjerring-sales.dk\/\",\"name\":\"Bjerring-Sales\",\"description\":\"M\u00f6bler f\u00f6r teatrar, skolor, kontor och k\u00f6pcentrum\",\"publisher\":{\"@id\":\"https:\/\/shop.bjerring-sales.dk\/#organization\"},\"potentialAction\":[{\"@type\":\"SearchAction\",\"target\":{\"@type\":\"EntryPoint\",\"urlTemplate\":\"https:\/\/shop.bjerring-sales.dk\/?s={search_term_string}\"},\"query-input\":{\"@type\":\"PropertyValueSpecification\",\"valueRequired\":true,\"valueName\":\"search_term_string\"}}],\"inLanguage\":\"da-DK\"},{\"@type\":\"Organization\",\"@id\":\"https:\/\/shop.bjerring-sales.dk\/#organization\",\"name\":\"Bjerring-Sales\",\"url\":\"https:\/\/shop.bjerring-sales.dk\/\",\"logo\":{\"@type\":\"ImageObject\",\"inLanguage\":\"da-DK\",\"@id\":\"https:\/\/shop.bjerring-sales.dk\/#\/schema\/logo\/image\/\",\"url\":\"https:\/\/shop.bjerring-sales.dk\/wp-content\/uploads\/2023\/01\/logo_sv.png\",\"contentUrl\":\"https:\/\/shop.bjerring-sales.dk\/wp-content\/uploads\/2023\/01\/logo_sv.png\",\"width\":195,\"height\":68,\"caption\":\"Bjerring-Sales\"},\"image\":{\"@id\":\"https:\/\/shop.bjerring-sales.dk\/#\/schema\/logo\/image\/\"}}]}<\/script>\n<!-- \/ Yoast SEO plugin. -->","yoast_head_json":{"title":"Half - F\u00e4llbart bord - Bjerring-Sales","description":"Half \u00e4r ett f\u00e4llbart bord som dessutom \u00e4r vikbart, f\u00f6r praktisk lagring och transport. Borden \u00e4r l\u00e4tta att montera, demontera, transportera och f\u00f6rvara.","robots":{"index":"index","follow":"follow","max-snippet":"max-snippet:-1","max-image-preview":"max-image-preview:large","max-video-preview":"max-video-preview:-1"},"canonical":"https:\/\/shop.bjerring-sales.dk\/da\/product\/half\/","og_locale":"da_DK","og_type":"article","og_title":"Half - F\u00e4llbart bord - Bjerring-Sales","og_description":"Half \u00e4r ett f\u00e4llbart bord som dessutom \u00e4r vikbart, f\u00f6r praktisk lagring och transport. Borden \u00e4r l\u00e4tta att montera, demontera, transportera och f\u00f6rvara.","og_url":"https:\/\/shop.bjerring-sales.dk\/da\/product\/half\/","og_site_name":"Bjerring-Sales","article_modified_time":"2026-03-13T11:25:40+00:00","og_image":[{"width":800,"height":800,"url":"https:\/\/shop.bjerring-sales.dk\/wp-content\/uploads\/2024\/10\/webb-half3.jpg","type":"image\/jpeg"}],"twitter_card":"summary_large_image","twitter_misc":{"Estimeret l\u00e6setid":"1 minut"},"schema":{"@context":"https:\/\/schema.org","@graph":[{"@type":"WebPage","@id":"https:\/\/shop.bjerring-sales.dk\/product\/half\/","url":"https:\/\/shop.bjerring-sales.dk\/product\/half\/","name":"Half - F\u00e4llbart bord - Bjerring-Sales","isPartOf":{"@id":"https:\/\/shop.bjerring-sales.dk\/#website"},"primaryImageOfPage":{"@id":"https:\/\/shop.bjerring-sales.dk\/product\/half\/#primaryimage"},"image":{"@id":"https:\/\/shop.bjerring-sales.dk\/product\/half\/#primaryimage"},"thumbnailUrl":"https:\/\/shop.bjerring-sales.dk\/wp-content\/uploads\/2024\/10\/webb-half3.jpg","datePublished":"2018-02-04T01:04:20+00:00","dateModified":"2026-03-13T11:25:40+00:00","description":"Half \u00e4r ett f\u00e4llbart bord som dessutom \u00e4r vikbart, f\u00f6r praktisk lagring och transport. Borden \u00e4r l\u00e4tta att montera, demontera, transportera och f\u00f6rvara.","breadcrumb":{"@id":"https:\/\/shop.bjerring-sales.dk\/product\/half\/#breadcrumb"},"inLanguage":"da-DK","potentialAction":[{"@type":"ReadAction","target":["https:\/\/shop.bjerring-sales.dk\/product\/half\/"]}]},{"@type":"ImageObject","inLanguage":"da-DK","@id":"https:\/\/shop.bjerring-sales.dk\/product\/half\/#primaryimage","url":"https:\/\/shop.bjerring-sales.dk\/wp-content\/uploads\/2024\/10\/webb-half3.jpg","contentUrl":"https:\/\/shop.bjerring-sales.dk\/wp-content\/uploads\/2024\/10\/webb-half3.jpg","width":800,"height":800},{"@type":"BreadcrumbList","@id":"https:\/\/shop.bjerring-sales.dk\/product\/half\/#breadcrumb","itemListElement":[{"@type":"ListItem","position":1,"name":"Hem","item":"https:\/\/shop.bjerring-sales.dk\/"},{"@type":"ListItem","position":2,"name":"Webbutik","item":"https:\/\/shop.bjerring-sales.dk\/butik\/"},{"@type":"ListItem","position":3,"name":"Half &#8211; F\u00e4llbart bord"}]},{"@type":"WebSite","@id":"https:\/\/shop.bjerring-sales.dk\/#website","url":"https:\/\/shop.bjerring-sales.dk\/","name":"Bjerring-Salg","description":"M\u00f8bler til teatre, skoler, kontorer og indk\u00f8bscentre","publisher":{"@id":"https:\/\/shop.bjerring-sales.dk\/#organization"},"potentialAction":[{"@type":"SearchAction","target":{"@type":"EntryPoint","urlTemplate":"https:\/\/shop.bjerring-sales.dk\/?s={search_term_string}"},"query-input":{"@type":"PropertyValueSpecification","valueRequired":true,"valueName":"search_term_string"}}],"inLanguage":"da-DK"},{"@type":"Organization","@id":"https:\/\/shop.bjerring-sales.dk\/#organization","name":"Bjerring-Salg","url":"https:\/\/shop.bjerring-sales.dk\/","logo":{"@type":"ImageObject","inLanguage":"da-DK","@id":"https:\/\/shop.bjerring-sales.dk\/#\/schema\/logo\/image\/","url":"https:\/\/shop.bjerring-sales.dk\/wp-content\/uploads\/2023\/01\/logo_sv.png","contentUrl":"https:\/\/shop.bjerring-sales.dk\/wp-content\/uploads\/2023\/01\/logo_sv.png","width":195,"height":68,"caption":"Bjerring-Sales"},"image":{"@id":"https:\/\/shop.bjerring-sales.dk\/#\/schema\/logo\/image\/"}}]}},"_links":{"self":[{"href":"https:\/\/shop.bjerring-sales.dk\/da\/wp-json\/wp\/v2\/product\/62823","targetHints":{"allow":["GET"]}}],"collection":[{"href":"https:\/\/shop.bjerring-sales.dk\/da\/wp-json\/wp\/v2\/product"}],"about":[{"href":"https:\/\/shop.bjerring-sales.dk\/da\/wp-json\/wp\/v2\/types\/product"}],"wp:featuredmedia":[{"embeddable":true,"href":"https:\/\/shop.bjerring-sales.dk\/da\/wp-json\/wp\/v2\/media\/100013"}],"wp:attachment":[{"href":"https:\/\/shop.bjerring-sales.dk\/da\/wp-json\/wp\/v2\/media?parent=62823"}],"wp:term":[{"taxonomy":"product_brand","embeddable":true,"href":"https:\/\/shop.bjerring-sales.dk\/da\/wp-json\/wp\/v2\/product_brand?post=62823"},{"taxonomy":"product_cat","embeddable":true,"href":"https:\/\/shop.bjerring-sales.dk\/da\/wp-json\/wp\/v2\/product_cat?post=62823"},{"taxonomy":"product_tag","embeddable":true,"href":"https:\/\/shop.bjerring-sales.dk\/da\/wp-json\/wp\/v2\/product_tag?post=62823"}],"curies":[{"name":"wp","href":"https:\/\/api.w.org\/{rel}","templated":true}]}}